{"id":152,"date":"2020-02-21T12:54:44","date_gmt":"2020-02-21T11:54:44","guid":{"rendered":"http:\/\/artsgraphiques.art.blog\/?page_id=152"},"modified":"2025-08-29T19:48:09","modified_gmt":"2025-08-29T17:48:09","slug":"ateliers-libres","status":"publish","type":"page","link":"https:\/\/ateliers-contraste.com\/index.php\/ateliers-libres\/","title":{"rendered":"ATELIERS LIBRES"},"content":{"rendered":"\n<div class=\"wp-block-uagb-container uagb-block-a8f1b317 default uagb-is-root-container\">\n<figure class=\"wp-block-image alignwide size-full\"><img data-recalc-dims=\"1\" loading=\"lazy\" decoding=\"async\" width=\"750\" height=\"753\" src=\"https:\/\/i0.wp.com\/ateliers-contraste.com\/wp-content\/uploads\/2025\/08\/atelier-libre2-scaled.jpg?resize=750%2C753&#038;ssl=1\" alt=\"\" class=\"wp-image-2616\" srcset=\"https:\/\/i0.wp.com\/ateliers-contraste.com\/wp-content\/uploads\/2025\/08\/atelier-libre2-scaled.jpg?w=2551&amp;ssl=1 2551w, https:\/\/i0.wp.com\/ateliers-contraste.com\/wp-content\/uploads\/2025\/08\/atelier-libre2-scaled.jpg?resize=300%2C300&amp;ssl=1 300w, https:\/\/i0.wp.com\/ateliers-contraste.com\/wp-content\/uploads\/2025\/08\/atelier-libre2-scaled.jpg?resize=1020%2C1024&amp;ssl=1 1020w, https:\/\/i0.wp.com\/ateliers-contraste.com\/wp-content\/uploads\/2025\/08\/atelier-libre2-scaled.jpg?resize=150%2C150&amp;ssl=1 150w, https:\/\/i0.wp.com\/ateliers-contraste.com\/wp-content\/uploads\/2025\/08\/atelier-libre2-scaled.jpg?resize=768%2C771&amp;ssl=1 768w, https:\/\/i0.wp.com\/ateliers-contraste.com\/wp-content\/uploads\/2025\/08\/atelier-libre2-scaled.jpg?resize=1531%2C1536&amp;ssl=1 1531w, https:\/\/i0.wp.com\/ateliers-contraste.com\/wp-content\/uploads\/2025\/08\/atelier-libre2-scaled.jpg?resize=2041%2C2048&amp;ssl=1 2041w, https:\/\/i0.wp.com\/ateliers-contraste.com\/wp-content\/uploads\/2025\/08\/atelier-libre2-scaled.jpg?resize=1568%2C1574&amp;ssl=1 1568w, https:\/\/i0.wp.com\/ateliers-contraste.com\/wp-content\/uploads\/2025\/08\/atelier-libre2-scaled.jpg?w=2250&amp;ssl=1 2250w\" sizes=\"auto, (max-width: 750px) 100vw, 750px\" \/><\/figure>\n\n\n\n<div class=\"wp-block-uagb-container uagb-block-26b933af\">\n<p class=\"has-text-align-center\" style=\"margin-top:0\">Dans un lieu agr\u00e9able et convivial, en toute autonomie, ces ateliers sont ouverts aux artistes ma\u00eetrisant leur technique.<br><strong>Atelier de 80 m2<\/strong> <br><strong>Mat\u00e9riel fourni (tables, chevalets\u2026)<\/strong><br><strong>Possibilit\u00e9 de laisser du mat\u00e9riel sur place<\/strong><br><br><strong>Activit\u00e9 gratuite pour les membres<\/strong><br><strong>Peinture&nbsp;:&nbsp; jeudi 10h \/ 17h<\/strong><br><strong>Aquarelle: mercredi 14h \/ 17h<\/strong><\/p>\n\n\n\n<p class=\"has-text-align-center\" style=\"margin-top:0\"><strong>Cotisation annuelle : Rueillois\u00a0: 70\u20ac &#8211; non Rueillois : 80 \u20ac<\/strong><br>Plus d&rsquo;info et adh\u00e9sion : <a href=\"mailto:info@ateliers-contraste.com\">info@ateliers-contraste.com<\/a><\/p>\n\n\n\n<p class=\"has-text-align-center\" style=\"margin-top:0\"><strong>M<\/strong>aison des<strong>\u00a0A<\/strong>rts et de l\u2019<strong>I<\/strong>mage<br>3 Rue du Prince Eug\u00e8ne 92500 RUEIL MALMAISON<br><strong>(Parking gratuit sur place)<\/strong><\/p>\n\n\n\n<div class=\"wp-block-group is-content-justification-center is-nowrap is-layout-flex wp-container-core-group-is-layout-23441af8 wp-block-group-is-layout-flex\"><div class=\"kb-google-maps-container kb-google-maps-container152_a28fa2-ff  wp-block-kadence-googlemaps\" data-mapid=\"152_a28fa2ff\"><iframe width=\"100%\" height=\"100%\"\n\t\t\t\t\t\t\tstyle=\"border:0\" loading=\"lazy\"\n\t\t\t\t\t\t\tsrc=\"https:\/\/www.google.com\/maps\/embed\/v1\/place?key=AIzaSyBAM2o7PiQqwk15LC1XRH2e_KJ-jUa7KYk&#038;zoom=16&#038;maptype=roadmap&#038;q=3+Rue+du+Prince+Eug%C3%A8ne+92500+RUEIL+MALMAISON\"\n\t\t\t\t\t\t\ttitle=\"Carte Google de 3 Rue du Prince Eug\u00e8ne 92500 RUEIL MALMAISON\"><\/iframe><\/div><script>function kb_google_map152_a28fa2ff() { let center = { lat: 37.8201, lng: -122.4781}; let map = new google.maps.Map(document.getElementById(\"kb-google-map152_a28fa2ff\"), {\n\t\t\t\t\t    zoom: 16,\n\t\t\t\t\t    center: center,});let marker = new google.maps.Marker({   position: { lat: 37.8201, lng: -122.4781},    map: map,  });}<\/script><\/div>\n<\/div>\n<\/div>\n<style class=\"advgb-styles-renderer\">.kb-google-maps-container152_a28fa2-ff{max-width:300px;height:300px;margin-left:auto !important;margin-right:auto !important;}<\/style>","protected":false},"excerpt":{"rendered":"<p>Dans un lieu agr\u00e9able et convivial, en toute autonomie, ces ateliers sont ouverts aux artistes ma\u00eetrisant leur technique.Atelier de 80 m2 Mat\u00e9riel fourni (tables, chevalets\u2026)Possibilit\u00e9 de laisser du mat\u00e9riel sur place Activit\u00e9 gratuite pour les membresPeinture&nbsp;:&nbsp; jeudi 10h \/ 17hAquarelle: mercredi 14h \/ 17h Cotisation annuelle : Rueillois\u00a0: 70\u20ac &#8211; non Rueillois : 80 \u20acPlus<a class=\"more-link\" href=\"https:\/\/ateliers-contraste.com\/index.php\/ateliers-libres\/\">Lire la suite <span class=\"screen-reader-text\">\u00ab\u00a0ATELIERS LIBRES\u00a0\u00bb<\/span><\/a><\/p>\n","protected":false},"author":1,"featured_media":0,"parent":0,"menu_order":0,"comment_status":"closed","ping_status":"closed","template":"","meta":{"_coblocks_attr":"","_coblocks_dimensions":"","_coblocks_responsive_height":"","_coblocks_accordion_ie_support":"","_uag_custom_page_level_css":"","advgb_blocks_editor_width":"default","advgb_blocks_columns_visual_guide":"","jetpack_post_was_ever_published":false,"footnotes":""},"class_list":["post-152","page","type-page","status-publish","hentry","entry"],"yoast_head":"<!-- This site is optimized with the Yoast SEO plugin v27.5 - https:\/\/yoast.com\/product\/yoast-seo-wordpress\/ -->\n<title>ATELIERS LIBRES - ATELIERS CONTRASTE<\/title>\n<meta name=\"robots\" content=\"index, follow, max-snippet:-1, max-image-preview:large, max-video-preview:-1\" \/>\n<link rel=\"canonical\" href=\"https:\/\/ateliers-contraste.com\/index.php\/ateliers-libres\/\" \/>\n<meta property=\"og:locale\" content=\"fr_FR\" \/>\n<meta property=\"og:type\" content=\"article\" \/>\n<meta property=\"og:title\" content=\"ATELIERS LIBRES - ATELIERS CONTRASTE\" \/>\n<meta property=\"og:description\" content=\"Dans un lieu agr\u00e9able et convivial, en toute autonomie, ces ateliers sont ouverts aux artistes ma\u00eetrisant leur technique.Atelier de 80 m2 Mat\u00e9riel fourni (tables, chevalets\u2026)Possibilit\u00e9 de laisser du mat\u00e9riel sur place Activit\u00e9 gratuite pour les membresPeinture&nbsp;:&nbsp; jeudi 10h \/ 17hAquarelle: mercredi 14h \/ 17h Cotisation annuelle : Rueillois\u00a0: 70\u20ac &#8211; non Rueillois : 80 \u20acPlusLire la suite &quot;ATELIERS LIBRES&quot;\" \/>\n<meta property=\"og:url\" content=\"https:\/\/ateliers-contraste.com\/index.php\/ateliers-libres\/\" \/>\n<meta property=\"og:site_name\" content=\"ATELIERS CONTRASTE\" \/>\n<meta property=\"article:modified_time\" content=\"2025-08-29T17:48:09+00:00\" \/>\n<meta property=\"og:image\" content=\"https:\/\/ateliers-contraste.com\/wp-content\/uploads\/2025\/08\/atelier-libre2-scaled.jpg\" \/>\n<meta name=\"twitter:card\" content=\"summary_large_image\" \/>\n<meta name=\"twitter:label1\" content=\"Dur\u00e9e de lecture estim\u00e9e\" \/>\n\t<meta name=\"twitter:data1\" content=\"1 minute\" \/>\n<script type=\"application\/ld+json\" class=\"yoast-schema-graph\">{\"@context\":\"https:\\\/\\\/schema.org\",\"@graph\":[{\"@type\":\"WebPage\",\"@id\":\"https:\\\/\\\/ateliers-contraste.com\\\/index.php\\\/ateliers-libres\\\/\",\"url\":\"https:\\\/\\\/ateliers-contraste.com\\\/index.php\\\/ateliers-libres\\\/\",\"name\":\"ATELIERS LIBRES - ATELIERS CONTRASTE\",\"isPartOf\":{\"@id\":\"https:\\\/\\\/ateliers-contraste.com\\\/#website\"},\"primaryImageOfPage\":{\"@id\":\"https:\\\/\\\/ateliers-contraste.com\\\/index.php\\\/ateliers-libres\\\/#primaryimage\"},\"image\":{\"@id\":\"https:\\\/\\\/ateliers-contraste.com\\\/index.php\\\/ateliers-libres\\\/#primaryimage\"},\"thumbnailUrl\":\"https:\\\/\\\/ateliers-contraste.com\\\/wp-content\\\/uploads\\\/2025\\\/08\\\/atelier-libre2-scaled.jpg\",\"datePublished\":\"2020-02-21T11:54:44+00:00\",\"dateModified\":\"2025-08-29T17:48:09+00:00\",\"breadcrumb\":{\"@id\":\"https:\\\/\\\/ateliers-contraste.com\\\/index.php\\\/ateliers-libres\\\/#breadcrumb\"},\"inLanguage\":\"fr-FR\",\"potentialAction\":[{\"@type\":\"ReadAction\",\"target\":[\"https:\\\/\\\/ateliers-contraste.com\\\/index.php\\\/ateliers-libres\\\/\"]}]},{\"@type\":\"ImageObject\",\"inLanguage\":\"fr-FR\",\"@id\":\"https:\\\/\\\/ateliers-contraste.com\\\/index.php\\\/ateliers-libres\\\/#primaryimage\",\"url\":\"https:\\\/\\\/i0.wp.com\\\/ateliers-contraste.com\\\/wp-content\\\/uploads\\\/2025\\\/08\\\/atelier-libre2-scaled.jpg?fit=2551%2C2560&ssl=1\",\"contentUrl\":\"https:\\\/\\\/i0.wp.com\\\/ateliers-contraste.com\\\/wp-content\\\/uploads\\\/2025\\\/08\\\/atelier-libre2-scaled.jpg?fit=2551%2C2560&ssl=1\",\"width\":2551,\"height\":2560,\"caption\":\"Atelier Libre\"},{\"@type\":\"BreadcrumbList\",\"@id\":\"https:\\\/\\\/ateliers-contraste.com\\\/index.php\\\/ateliers-libres\\\/#breadcrumb\",\"itemListElement\":[{\"@type\":\"ListItem\",\"position\":1,\"name\":\"Accueil\",\"item\":\"https:\\\/\\\/ateliers-contraste.com\\\/\"},{\"@type\":\"ListItem\",\"position\":2,\"name\":\"ATELIERS LIBRES\"}]},{\"@type\":\"WebSite\",\"@id\":\"https:\\\/\\\/ateliers-contraste.com\\\/#website\",\"url\":\"https:\\\/\\\/ateliers-contraste.com\\\/\",\"name\":\"ATELIERS CONTRASTE\",\"description\":\"Pratique des Arts Plastiques\",\"publisher\":{\"@id\":\"https:\\\/\\\/ateliers-contraste.com\\\/#organization\"},\"potentialAction\":[{\"@type\":\"SearchAction\",\"target\":{\"@type\":\"EntryPoint\",\"urlTemplate\":\"https:\\\/\\\/ateliers-contraste.com\\\/?s={search_term_string}\"},\"query-input\":{\"@type\":\"PropertyValueSpecification\",\"valueRequired\":true,\"valueName\":\"search_term_string\"}}],\"inLanguage\":\"fr-FR\"},{\"@type\":\"Organization\",\"@id\":\"https:\\\/\\\/ateliers-contraste.com\\\/#organization\",\"name\":\"ATELIERS CONTRASTE\",\"url\":\"https:\\\/\\\/ateliers-contraste.com\\\/\",\"logo\":{\"@type\":\"ImageObject\",\"inLanguage\":\"fr-FR\",\"@id\":\"https:\\\/\\\/ateliers-contraste.com\\\/#\\\/schema\\\/logo\\\/image\\\/\",\"url\":\"https:\\\/\\\/i2.wp.com\\\/ateliers-contraste.com\\\/wp-content\\\/uploads\\\/2020\\\/03\\\/logo-AC.jpg?fit=811%2C514\",\"contentUrl\":\"https:\\\/\\\/i2.wp.com\\\/ateliers-contraste.com\\\/wp-content\\\/uploads\\\/2020\\\/03\\\/logo-AC.jpg?fit=811%2C514\",\"width\":811,\"height\":514,\"caption\":\"ATELIERS CONTRASTE\"},\"image\":{\"@id\":\"https:\\\/\\\/ateliers-contraste.com\\\/#\\\/schema\\\/logo\\\/image\\\/\"}}]}<\/script>\n<!-- \/ Yoast SEO plugin. -->","yoast_head_json":{"title":"ATELIERS LIBRES - ATELIERS CONTRASTE","robots":{"index":"index","follow":"follow","max-snippet":"max-snippet:-1","max-image-preview":"max-image-preview:large","max-video-preview":"max-video-preview:-1"},"canonical":"https:\/\/ateliers-contraste.com\/index.php\/ateliers-libres\/","og_locale":"fr_FR","og_type":"article","og_title":"ATELIERS LIBRES - ATELIERS CONTRASTE","og_description":"Dans un lieu agr\u00e9able et convivial, en toute autonomie, ces ateliers sont ouverts aux artistes ma\u00eetrisant leur technique.Atelier de 80 m2 Mat\u00e9riel fourni (tables, chevalets\u2026)Possibilit\u00e9 de laisser du mat\u00e9riel sur place Activit\u00e9 gratuite pour les membresPeinture&nbsp;:&nbsp; jeudi 10h \/ 17hAquarelle: mercredi 14h \/ 17h Cotisation annuelle : Rueillois\u00a0: 70\u20ac &#8211; non Rueillois : 80 \u20acPlusLire la suite \"ATELIERS LIBRES\"","og_url":"https:\/\/ateliers-contraste.com\/index.php\/ateliers-libres\/","og_site_name":"ATELIERS CONTRASTE","article_modified_time":"2025-08-29T17:48:09+00:00","og_image":[{"url":"https:\/\/ateliers-contraste.com\/wp-content\/uploads\/2025\/08\/atelier-libre2-scaled.jpg","type":"","width":"","height":""}],"twitter_card":"summary_large_image","twitter_misc":{"Dur\u00e9e de lecture estim\u00e9e":"1 minute"},"schema":{"@context":"https:\/\/schema.org","@graph":[{"@type":"WebPage","@id":"https:\/\/ateliers-contraste.com\/index.php\/ateliers-libres\/","url":"https:\/\/ateliers-contraste.com\/index.php\/ateliers-libres\/","name":"ATELIERS LIBRES - ATELIERS CONTRASTE","isPartOf":{"@id":"https:\/\/ateliers-contraste.com\/#website"},"primaryImageOfPage":{"@id":"https:\/\/ateliers-contraste.com\/index.php\/ateliers-libres\/#primaryimage"},"image":{"@id":"https:\/\/ateliers-contraste.com\/index.php\/ateliers-libres\/#primaryimage"},"thumbnailUrl":"https:\/\/ateliers-contraste.com\/wp-content\/uploads\/2025\/08\/atelier-libre2-scaled.jpg","datePublished":"2020-02-21T11:54:44+00:00","dateModified":"2025-08-29T17:48:09+00:00","breadcrumb":{"@id":"https:\/\/ateliers-contraste.com\/index.php\/ateliers-libres\/#breadcrumb"},"inLanguage":"fr-FR","potentialAction":[{"@type":"ReadAction","target":["https:\/\/ateliers-contraste.com\/index.php\/ateliers-libres\/"]}]},{"@type":"ImageObject","inLanguage":"fr-FR","@id":"https:\/\/ateliers-contraste.com\/index.php\/ateliers-libres\/#primaryimage","url":"https:\/\/i0.wp.com\/ateliers-contraste.com\/wp-content\/uploads\/2025\/08\/atelier-libre2-scaled.jpg?fit=2551%2C2560&ssl=1","contentUrl":"https:\/\/i0.wp.com\/ateliers-contraste.com\/wp-content\/uploads\/2025\/08\/atelier-libre2-scaled.jpg?fit=2551%2C2560&ssl=1","width":2551,"height":2560,"caption":"Atelier Libre"},{"@type":"BreadcrumbList","@id":"https:\/\/ateliers-contraste.com\/index.php\/ateliers-libres\/#breadcrumb","itemListElement":[{"@type":"ListItem","position":1,"name":"Accueil","item":"https:\/\/ateliers-contraste.com\/"},{"@type":"ListItem","position":2,"name":"ATELIERS LIBRES"}]},{"@type":"WebSite","@id":"https:\/\/ateliers-contraste.com\/#website","url":"https:\/\/ateliers-contraste.com\/","name":"ATELIERS CONTRASTE","description":"Pratique des Arts Plastiques","publisher":{"@id":"https:\/\/ateliers-contraste.com\/#organization"},"potentialAction":[{"@type":"SearchAction","target":{"@type":"EntryPoint","urlTemplate":"https:\/\/ateliers-contraste.com\/?s={search_term_string}"},"query-input":{"@type":"PropertyValueSpecification","valueRequired":true,"valueName":"search_term_string"}}],"inLanguage":"fr-FR"},{"@type":"Organization","@id":"https:\/\/ateliers-contraste.com\/#organization","name":"ATELIERS CONTRASTE","url":"https:\/\/ateliers-contraste.com\/","logo":{"@type":"ImageObject","inLanguage":"fr-FR","@id":"https:\/\/ateliers-contraste.com\/#\/schema\/logo\/image\/","url":"https:\/\/i2.wp.com\/ateliers-contraste.com\/wp-content\/uploads\/2020\/03\/logo-AC.jpg?fit=811%2C514","contentUrl":"https:\/\/i2.wp.com\/ateliers-contraste.com\/wp-content\/uploads\/2020\/03\/logo-AC.jpg?fit=811%2C514","width":811,"height":514,"caption":"ATELIERS CONTRASTE"},"image":{"@id":"https:\/\/ateliers-contraste.com\/#\/schema\/logo\/image\/"}}]}},"uagb_featured_image_src":{"full":false,"thumbnail":false,"medium":false,"medium_large":false,"large":false,"1536x1536":false,"2048x2048":false,"post-thumbnail":false},"uagb_author_info":{"display_name":"admin8009","author_link":"https:\/\/ateliers-contraste.com\/index.php\/author\/admin8009\/"},"uagb_comment_info":0,"uagb_excerpt":"Dans un lieu agr\u00e9able et convivial, en toute autonomie, ces ateliers sont ouverts aux artistes ma\u00eetrisant leur technique.Atelier de 80 m2 Mat\u00e9riel fourni (tables, chevalets\u2026)Possibilit\u00e9 de laisser du mat\u00e9riel sur place Activit\u00e9 gratuite pour les membresPeinture&nbsp;:&nbsp; jeudi 10h \/ 17hAquarelle: mercredi 14h \/ 17h Cotisation annuelle : Rueillois\u00a0: 70\u20ac &#8211; non Rueillois : 80 \u20acPlusLire\u2026","coauthors":[],"author_meta":{"author_link":"https:\/\/ateliers-contraste.com\/index.php\/author\/admin8009\/","display_name":"admin8009"},"relative_dates":{"created":"Publi\u00e9 6 ans il y a","modified":"Mis \u00e0 jour 8 mois il y a"},"absolute_dates":{"created":"Publi\u00e9 le 21\/02\/2020","modified":"Mise \u00e0 jour le 29\/08\/2025"},"absolute_dates_time":{"created":"Publi\u00e9 le 21\/02\/2020 12 h 54 min","modified":"Mise \u00e0 jour le 29\/08\/2025 19 h 48 min"},"featured_img_caption":"","featured_img":false,"series_order":"","jetpack_sharing_enabled":true,"_links":{"self":[{"href":"https:\/\/ateliers-contraste.com\/index.php\/wp-json\/wp\/v2\/pages\/152","targetHints":{"allow":["GET"]}}],"collection":[{"href":"https:\/\/ateliers-contraste.com\/index.php\/wp-json\/wp\/v2\/pages"}],"about":[{"href":"https:\/\/ateliers-contraste.com\/index.php\/wp-json\/wp\/v2\/types\/page"}],"author":[{"embeddable":true,"href":"https:\/\/ateliers-contraste.com\/index.php\/wp-json\/wp\/v2\/users\/1"}],"replies":[{"embeddable":true,"href":"https:\/\/ateliers-contraste.com\/index.php\/wp-json\/wp\/v2\/comments?post=152"}],"version-history":[{"count":14,"href":"https:\/\/ateliers-contraste.com\/index.php\/wp-json\/wp\/v2\/pages\/152\/revisions"}],"predecessor-version":[{"id":2619,"href":"https:\/\/ateliers-contraste.com\/index.php\/wp-json\/wp\/v2\/pages\/152\/revisions\/2619"}],"wp:attachment":[{"href":"https:\/\/ateliers-contraste.com\/index.php\/wp-json\/wp\/v2\/media?parent=152"}],"curies":[{"name":"wp","href":"https:\/\/api.w.org\/{rel}","templated":true}]}}